{"id":483,"date":"2018-02-01T21:45:13","date_gmt":"2018-02-01T21:45:13","guid":{"rendered":"https:\/\/empact-project.eu\/?page_id=483"},"modified":"2020-01-08T14:59:51","modified_gmt":"2020-01-08T14:59:51","slug":"about-3","status":"publish","type":"page","link":"https:\/\/empact-project.eu\/?page_id=483&lang=es","title":{"rendered":"Acerca"},"content":{"rendered":"<p>[et_pb_section bb_built=&#8221;1&#8243;][et_pb_row][et_pb_column type=&#8221;4_4&#8243;][et_pb_text _builder_version=&#8221;3.0.98&#8243; background_layout=&#8221;dark&#8221; background_color=&#8221;#0c71c3&#8243; text_text_color=&#8221;#fcfcfc&#8221; text_orientation=&#8221;center&#8221;]<\/p>\n<h2 style=\"text-align: left;\"><strong>Acerca<\/strong><\/h2>\n<p>[\/et_pb_text][et_pb_accordion _builder_version=&#8221;3.0.98&#8243;][et_pb_accordion_item _builder_version=&#8221;3.0.98&#8243; title=&#8221;Informaci\u00f3n general&#8221; use_background_color_gradient=&#8221;off&#8221; background_color_gradient_start=&#8221;#2b87da&#8221; background_color_gradient_end=&#8221;#29c4a9&#8243; background_color_gradient_type=&#8221;linear&#8221; background_color_gradient_direction=&#8221;180deg&#8221; background_color_gradient_direction_radial=&#8221;center&#8221; background_color_gradient_start_position=&#8221;0%&#8221; background_color_gradient_end_position=&#8221;100%&#8221; background_color_gradient_overlays_image=&#8221;off&#8221; parallax=&#8221;off&#8221; parallax_method=&#8221;on&#8221; background_size=&#8221;cover&#8221; background_position=&#8221;center&#8221; background_repeat=&#8221;no-repeat&#8221; background_blend=&#8221;normal&#8221; allow_player_pause=&#8221;off&#8221; text_shadow_style=&#8221;none&#8221; box_shadow_style=&#8221;none&#8221;]<\/p>\n<ul>\n<li>Duraci\u00f3n: 24 meses.<\/li>\n<li>Per\u00edodo: 1 de noviembre de 2017 &#8211; 31 de octubre de 2019<\/li>\n<li>Presupuesto: 224.118 \u20ac<\/li>\n<li>Socios:Fundatia Ecologica Green, Romania; Instituto Politecnico De Santarem, Portugal; ROC Drenthe College, Netherlands; Kanuni Mesleki Ve Teknik Anadolu Lisesi, Turkey; CIFP Easo Politeknikoa Donostia-San Sebastian LHII, Spain; SOSU \u00d8STJYLLAND, Denmark.<\/li>\n<\/ul>\n<p>[\/et_pb_accordion_item][et_pb_accordion_item _builder_version=&#8221;3.0.98&#8243; title=&#8221;Objetivos generales&#8221; use_background_color_gradient=&#8221;off&#8221; background_color_gradient_start=&#8221;#2b87da&#8221; background_color_gradient_end=&#8221;#29c4a9&#8243; background_color_gradient_type=&#8221;linear&#8221; background_color_gradient_direction=&#8221;180deg&#8221; background_color_gradient_direction_radial=&#8221;center&#8221; background_color_gradient_start_position=&#8221;0%&#8221; background_color_gradient_end_position=&#8221;100%&#8221; background_color_gradient_overlays_image=&#8221;off&#8221; parallax=&#8221;off&#8221; parallax_method=&#8221;on&#8221; background_size=&#8221;cover&#8221; background_position=&#8221;center&#8221; background_repeat=&#8221;no-repeat&#8221; background_blend=&#8221;normal&#8221; allow_player_pause=&#8221;off&#8221; text_shadow_style=&#8221;none&#8221; box_shadow_style=&#8221;none&#8221;]<\/p>\n<p>Objetivo 1<\/p>\n<ul>\n<li><strong>Mejorar la calidad de la educaci\u00f3n en el campo del cuidado de la salud.<\/strong><\/li>\n<\/ul>\n<p>Objetivo 2<\/p>\n<ul>\n<li><strong>Hacer que la educaci\u00f3n sobre la cuidado de la salud sea m\u00e1s accesible y atractiva para los estudiantes<\/strong><\/li>\n<\/ul>\n<p>Objetivo 3<\/p>\n<ul>\n<li><strong>Promover el intercambio de buenas pr\u00e1cticas entre los socios y combinar su experiencia<\/strong><\/li>\n<\/ul>\n<p>[\/et_pb_accordion_item][et_pb_accordion_item _builder_version=&#8221;3.0.98&#8243; title=&#8221;Productos intelectuales del proyecto&#8221; use_background_color_gradient=&#8221;off&#8221; background_color_gradient_start=&#8221;#2b87da&#8221; background_color_gradient_end=&#8221;#29c4a9&#8243; background_color_gradient_type=&#8221;linear&#8221; background_color_gradient_direction=&#8221;180deg&#8221; background_color_gradient_direction_radial=&#8221;center&#8221; background_color_gradient_start_position=&#8221;0%&#8221; background_color_gradient_end_position=&#8221;100%&#8221; background_color_gradient_overlays_image=&#8221;off&#8221; parallax=&#8221;off&#8221; parallax_method=&#8221;on&#8221; background_size=&#8221;cover&#8221; background_position=&#8221;center&#8221; background_repeat=&#8221;no-repeat&#8221; background_blend=&#8221;normal&#8221; allow_player_pause=&#8221;off&#8221; text_shadow_style=&#8221;none&#8221; box_shadow_style=&#8221;none&#8221;]<\/p>\n<ol>\n<li>Un paquete de inicio que contiene: un <strong>manual <\/strong>sobre c\u00f3mo implementar la simulaci\u00f3n en cualquier escuela de <strong>cuidado de la salud<\/strong> y una <strong>gu\u00eda <\/strong>sobre c\u00f3mo el uso de herramientas audiovisuales puede mejorar y documentar la simulaci\u00f3n. La gu\u00eda complementa el manual, que es una introducci\u00f3n al uso de medios antes, durante y despu\u00e9s de la simulaci\u00f3n. El paquete estar\u00e1 en versi\u00f3n electr\u00f3nica.<\/li>\n<li>Una colecci\u00f3n de escenarios y peque\u00f1os v\u00eddeos sobre pr\u00e1cticas b\u00e1sicas de atenci\u00f3n m\u00e9dica y pautas sobre c\u00f3mo producir buenos escenarios consistir\u00e1 en 6 escenarios y 6 v\u00eddeos ilustrativos..<\/li>\n<li>Una colecci\u00f3n de tutoriales, que ser\u00e1 un conjunto de cursos para 2 asignaturas elegidas por cada socio, para ser convertidas en tutoriales, utilizando sonido e im\u00e1genes. El objetivo principal de hacer y promover el trabajo con tutoriales es ampliar el espacio de aprendizaje.<\/li>\n<\/ol>\n<p>[\/et_pb_accordion_item][et_pb_accordion_item _builder_version=&#8221;3.0.98&#8243; title=&#8221;Actividades del proyecto&#8221; use_background_color_gradient=&#8221;off&#8221; background_color_gradient_start=&#8221;#2b87da&#8221; background_color_gradient_end=&#8221;#29c4a9&#8243; background_color_gradient_type=&#8221;linear&#8221; background_color_gradient_direction=&#8221;180deg&#8221; background_color_gradient_direction_radial=&#8221;center&#8221; background_color_gradient_start_position=&#8221;0%&#8221; background_color_gradient_end_position=&#8221;100%&#8221; background_color_gradient_overlays_image=&#8221;off&#8221; parallax=&#8221;off&#8221; parallax_method=&#8221;on&#8221; background_size=&#8221;cover&#8221; background_position=&#8221;center&#8221; background_repeat=&#8221;no-repeat&#8221; background_blend=&#8221;normal&#8221; allow_player_pause=&#8221;off&#8221; text_shadow_style=&#8221;none&#8221; box_shadow_style=&#8221;none&#8221;]<\/p>\n<p><strong>Gesti\u00f3n del proyecto<\/strong><\/p>\n<ul>\n<li>4 reuniones transnacionales del proyecto (Ia\u0219i, Aarhus, Izmit, Emmen)<\/li>\n<li>Gesti\u00f3n de las actividades locales e informes<\/li>\n<\/ul>\n<p><strong>Difusi\u00f3n<\/strong>\u00a0<strong>y<\/strong>\u00a0<strong>valorizaci\u00f3n<\/strong><\/p>\n<ul>\n<li>Sitio web del proyecto<\/li>\n<li>Actividades de difusi\u00f3n local que incluyen 6 eventos multiplicadores<\/li>\n<li>Conferencia final<\/li>\n<\/ul>\n<p><strong>Aprendizaje, actividades de ense\u00f1anza \/ capacitaci\u00f3n<\/strong><\/p>\n<ul>\n<li>3 Eventos conjuntos de capacitaci\u00f3n de personal reducido (Santarem, San Sebasti\u00e1n, Ia\u0219i)<\/li>\n<li>2 movilidades combinadas (Aarhus, Emmen)<\/li>\n<\/ul>\n<p><strong>Desarrollo de los productos intelectuales del proyecto<\/strong><\/p>\n<ul>\n<li>O1, O2, O3<\/li>\n<\/ul>\n<p><strong>Evaluaci\u00f3n<\/strong><\/p>\n<p>[\/et_pb_accordion_item][et_pb_accordion_item _builder_version=&#8221;3.0.98&#8243; title=&#8221;Eventos a corto plazo de capacitaci\u00f3n del personal&#8221; use_background_color_gradient=&#8221;off&#8221; background_color_gradient_start=&#8221;#2b87da&#8221; background_color_gradient_end=&#8221;#29c4a9&#8243; background_color_gradient_type=&#8221;linear&#8221; background_color_gradient_direction=&#8221;180deg&#8221; background_color_gradient_direction_radial=&#8221;center&#8221; background_color_gradient_start_position=&#8221;0%&#8221; background_color_gradient_end_position=&#8221;100%&#8221; background_color_gradient_overlays_image=&#8221;off&#8221; parallax=&#8221;off&#8221; parallax_method=&#8221;on&#8221; background_size=&#8221;cover&#8221; background_position=&#8221;center&#8221; background_repeat=&#8221;no-repeat&#8221; background_blend=&#8221;normal&#8221; allow_player_pause=&#8221;off&#8221; text_shadow_style=&#8221;none&#8221; box_shadow_style=&#8221;none&#8221;]<\/p>\n<ul>\n<li>3 movilidades -5 d\u00edas- para 3 miembros del personal (responsables de TI + 2 docentes del \u00e1rea de salud) de cada socio, organizados por Portugal, Espa\u00f1a y Rumania.<\/li>\n<li>Objetivos principales: desarrollar las competencias personales y profesionales de los miembros del personal, dise\u00f1ar y probar los resultados intelectuales, compartir buenas pr\u00e1cticas en la educaci\u00f3n en cuidado de la salud..<\/li>\n<\/ul>\n<p>[\/et_pb_accordion_item][et_pb_accordion_item _builder_version=&#8221;3.0.98&#8243; title=&#8221;Movilidades combinadas para estudiantes&#8221; use_background_color_gradient=&#8221;off&#8221; background_color_gradient_start=&#8221;#2b87da&#8221; background_color_gradient_end=&#8221;#29c4a9&#8243; background_color_gradient_type=&#8221;linear&#8221; background_color_gradient_direction=&#8221;180deg&#8221; background_color_gradient_direction_radial=&#8221;center&#8221; background_color_gradient_start_position=&#8221;0%&#8221; background_color_gradient_end_position=&#8221;100%&#8221; background_color_gradient_overlays_image=&#8221;off&#8221; parallax=&#8221;off&#8221; parallax_method=&#8221;on&#8221; background_size=&#8221;cover&#8221; background_position=&#8221;center&#8221; background_repeat=&#8221;no-repeat&#8221; background_blend=&#8221;normal&#8221; allow_player_pause=&#8221;off&#8221; text_shadow_style=&#8221;none&#8221; box_shadow_style=&#8221;none&#8221;]<\/p>\n<ul>\n<li>2 movilidades (combinaci\u00f3n de movilidad virtual y movilidad f\u00edsica &#8211; 5 d\u00edas) para 4 estudiantes de cada socio, organizadas por Dinamarca y los Pa\u00edses Bajos.<\/li>\n<li>Objetivos principales: desarrollar las competencias personales y profesionales de los estudiantes, probar las actividades de simulaci\u00f3n y los escenarios desarrollados dentro del proyecto en un contexto transnacional y compartir experiencias.<\/li>\n<\/ul>\n<p>&nbsp;<\/p>\n<p>[\/et_pb_accordion_item][et_pb_accordion_item _builder_version=&#8221;3.0.98&#8243; title=&#8221;Difusi\u00f3n&#8221; use_background_color_gradient=&#8221;off&#8221; background_color_gradient_start=&#8221;#2b87da&#8221; background_color_gradient_end=&#8221;#29c4a9&#8243; background_color_gradient_type=&#8221;linear&#8221; background_color_gradient_direction=&#8221;180deg&#8221; background_color_gradient_direction_radial=&#8221;center&#8221; background_color_gradient_start_position=&#8221;0%&#8221; background_color_gradient_end_position=&#8221;100%&#8221; background_color_gradient_overlays_image=&#8221;off&#8221; parallax=&#8221;off&#8221; parallax_method=&#8221;on&#8221; background_size=&#8221;cover&#8221; background_position=&#8221;center&#8221; background_repeat=&#8221;no-repeat&#8221; background_blend=&#8221;normal&#8221; allow_player_pause=&#8221;off&#8221; text_shadow_style=&#8221;none&#8221; box_shadow_style=&#8221;none&#8221;]<\/p>\n<p><strong>Impreso y en Internet:<\/strong><\/p>\n<ul>\n<li>Folletos y carteles<\/li>\n<li>Boletines del proyecto<\/li>\n<li>Sitio web del proyecto y p\u00e1gina de FB<\/li>\n<li>Enlace al sitio web del proyecto de las instituciones asociadas<\/li>\n<li>Productos publicados en Youtube<\/li>\n<\/ul>\n<p><strong>En persona:<\/strong><\/p>\n<ul>\n<li>Reuniones<\/li>\n<li>Entrevistas<\/li>\n<li>Presentaciones<\/li>\n<li>Entrega de capacitaci\u00f3n<\/li>\n<li>Facilitaci\u00f3n de talleres \/ seminarios, mesas redondas<\/li>\n<li>Asistencia a conferencias<\/li>\n<li>Redes con similares Instituciones<\/li>\n<li>Eventos multiplicadores<\/li>\n<\/ul>\n<p>[\/et_pb_accordion_item][et_pb_accordion_item _builder_version=&#8221;3.0.98&#8243; title=&#8221;Evaluaci\u00f3n &#8221; use_background_color_gradient=&#8221;off&#8221; background_color_gradient_start=&#8221;#2b87da&#8221; background_color_gradient_end=&#8221;#29c4a9&#8243; background_color_gradient_type=&#8221;linear&#8221; background_color_gradient_direction=&#8221;180deg&#8221; background_color_gradient_direction_radial=&#8221;center&#8221; background_color_gradient_start_position=&#8221;0%&#8221; background_color_gradient_end_position=&#8221;100%&#8221; background_color_gradient_overlays_image=&#8221;off&#8221; parallax=&#8221;off&#8221; parallax_method=&#8221;on&#8221; background_size=&#8221;cover&#8221; background_position=&#8221;center&#8221; background_repeat=&#8221;no-repeat&#8221; background_blend=&#8221;normal&#8221; allow_player_pause=&#8221;off&#8221; text_shadow_style=&#8221;none&#8221; box_shadow_style=&#8221;none&#8221;]<\/p>\n<p><strong>Evaluaci\u00f3n del <\/strong><strong>proyectos<\/strong><\/p>\n<p>[\/et_pb_accordion_item][\/et_pb_accordion][\/et_pb_column][\/et_pb_row][\/et_pb_section]<\/p>\n","protected":false},"excerpt":{"rendered":"<p>[et_pb_section bb_built=&#8221;1&#8243;][et_pb_row][et_pb_column type=&#8221;4_4&#8243;][et_pb_text _builder_version=&#8221;3.0.98&#8243; background_layout=&#8221;dark&#8221; background_color=&#8221;#0c71c3&#8243; text_text_color=&#8221;#fcfcfc&#8221; text_orientation=&#8221;center&#8221;] Acerca [\/et_pb_text][et_pb_accordion _builder_version=&#8221;3.0.98&#8243;][et_pb_accordion_item _builder_version=&#8221;3.0.98&#8243; title=&#8221;Informaci\u00f3n general&#8221; use_background_color_gradient=&#8221;off&#8221; background_color_gradient_start=&#8221;#2b87da&#8221; background_color_gradient_end=&#8221;#29c4a9&#8243; background_color_gradient_type=&#8221;linear&#8221; background_color_gradient_direction=&#8221;180deg&#8221; background_color_gradient_direction_radial=&#8221;center&#8221; background_color_gradient_start_position=&#8221;0%&#8221; background_color_gradient_end_position=&#8221;100%&#8221; background_color_gradient_overlays_image=&#8221;off&#8221; parallax=&#8221;off&#8221; parallax_method=&#8221;on&#8221; background_size=&#8221;cover&#8221; background_position=&#8221;center&#8221; background_repeat=&#8221;no-repeat&#8221; background_blend=&#8221;normal&#8221; allow_player_pause=&#8221;off&#8221; text_shadow_style=&#8221;none&#8221; box_shadow_style=&#8221;none&#8221;] Duraci\u00f3n: 24 meses. Per\u00edodo: 1 de noviembre de 2017 &#8211; 31 de octubre de 2019 Presupuesto: 224.118 \u20ac Socios:Fundatia Ecologica Green, Romania; Instituto [&hellip;]<\/p>\n","protected":false},"author":1,"featured_media":0,"parent":0,"menu_order":0,"comment_status":"closed","ping_status":"closed","template":"","meta":[],"_links":{"self":[{"href":"https:\/\/empact-project.eu\/index.php?rest_route=\/wp\/v2\/pages\/483"}],"collection":[{"href":"https:\/\/empact-project.eu\/index.php?rest_route=\/wp\/v2\/pages"}],"about":[{"href":"https:\/\/empact-project.eu\/index.php?rest_route=\/wp\/v2\/types\/page"}],"author":[{"embeddable":true,"href":"https:\/\/empact-project.eu\/index.php?rest_route=\/wp\/v2\/users\/1"}],"replies":[{"embeddable":true,"href":"https:\/\/empact-project.eu\/index.php?rest_route=%2Fwp%2Fv2%2Fcomments&post=483"}],"version-history":[{"count":13,"href":"https:\/\/empact-project.eu\/index.php?rest_route=\/wp\/v2\/pages\/483\/revisions"}],"predecessor-version":[{"id":950,"href":"https:\/\/empact-project.eu\/index.php?rest_route=\/wp\/v2\/pages\/483\/revisions\/950"}],"wp:attachment":[{"href":"https:\/\/empact-project.eu\/index.php?rest_route=%2Fwp%2Fv2%2Fmedia&parent=483"}],"curies":[{"name":"wp","href":"https:\/\/api.w.org\/{rel}","templated":true}]}}